{"id":28705,"date":"2021-04-16T12:35:49","date_gmt":"2021-04-16T09:35:49","guid":{"rendered":"https:\/\/www.radiogaga.ro\/?post_type=mp-event&#038;p=28705"},"modified":"2023-11-01T14:13:39","modified_gmt":"2023-11-01T12:13:39","slug":"szines-orak","status":"publish","type":"mp-event","link":"https:\/\/www.radiogaga.ro\/ro\/timetable\/event\/szines-orak\/","title":{"rendered":"Ore colorate"},"content":{"rendered":"<div class=\"wpb-content-wrapper\"><p>[vc_row][vc_column icons_position=&#8221;left&#8221;][vc_column_text]<\/p>\n<p lang=\"hu-HU\" align=\"justify\"><span style=\"font-family: Times New Roman, serif;\"><span style=\"font-size: large;\">Ore colorate \u00ee\u021bi vor \u00eenfrumuse\u021ba ziua! \u00cen show-ul nostru de diminea\u021b\u0103, Gy\u00f6rgy-D\u00e1vid Csaba \u0219i Istv\u00e1n Szid\u00f3nia aduce cea mai bun\u0103 muzic\u0103 \u0219i cele mai incitante teme. De la informa\u021bii actuale, de la nout\u0103\u021bi despre vedete \u0219i \u00eent\u00e2mpl\u0103ri uimitoare p\u00e2n\u0103 la \u0219tiri pestri\u021be, vom avea un loc pentru orice \u00een emisiunea ta preferat\u0103, zilnic de la 11:00 la 15:00. Conversa\u021bii \u0219i interviuri importante, captivante; melodii una mai bun\u0103 dec\u00e2t alta de la arti\u0219ti populari \u0219i aprecia\u021bi. Aglomerate timp de patru ore, cele mai captivante subiecte ale zilei \u0219i ale s\u0103pt\u0103m\u00e2nii \u2013 iat\u0103 programul Ore colorate. Vrei s\u0103 participi?<\/span><\/span><\/p>\n<p>[\/vc_column_text][\/vc_column][\/vc_row]<\/p>\n<\/div>","protected":false},"excerpt":{"rendered":"<p>[vc_row][vc_column icons_position=&#8221;left&#8221;][vc_column_text] Ore colorate \u00ee\u021bi vor \u00eenfrumuse\u021ba ziua! \u00cen show-ul nostru de diminea\u021b\u0103, Gy\u00f6rgy-D\u00e1vid Csaba \u0219i Istv\u00e1n Szid\u00f3nia aduce cea mai bun\u0103 muzic\u0103 \u0219i cele mai incitante teme. De la informa\u021bii actuale, de la nout\u0103\u021bi despre vedete \u0219i \u00eent\u00e2mpl\u0103ri uimitoare p\u00e2n\u0103 la \u0219tiri pestri\u021be, vom avea un loc pentru orice&hellip;<\/p>\n","protected":false},"author":990004,"featured_media":47889,"menu_order":0,"comment_status":"closed","ping_status":"closed","template":"","mp-event_category":[145],"mp-event_tag":[],"class_list":["post-28705","mp-event","type-mp-event","status-publish","has-post-thumbnail","hentry","mp-event_category-gaga-ro","mp-event-item"],"_links":{"self":[{"href":"https:\/\/www.radiogaga.ro\/ro\/wp-json\/wp\/v2\/mp-event\/28705","targetHints":{"allow":["GET"]}}],"collection":[{"href":"https:\/\/www.radiogaga.ro\/ro\/wp-json\/wp\/v2\/mp-event"}],"about":[{"href":"https:\/\/www.radiogaga.ro\/ro\/wp-json\/wp\/v2\/types\/mp-event"}],"author":[{"embeddable":true,"href":"https:\/\/www.radiogaga.ro\/ro\/wp-json\/wp\/v2\/users\/990004"}],"replies":[{"embeddable":true,"href":"https:\/\/www.radiogaga.ro\/ro\/wp-json\/wp\/v2\/comments?post=28705"}],"wp:featuredmedia":[{"embeddable":true,"href":"https:\/\/www.radiogaga.ro\/ro\/wp-json\/wp\/v2\/media\/47889"}],"wp:attachment":[{"href":"https:\/\/www.radiogaga.ro\/ro\/wp-json\/wp\/v2\/media?parent=28705"}],"wp:term":[{"taxonomy":"mp-event_category","embeddable":true,"href":"https:\/\/www.radiogaga.ro\/ro\/wp-json\/wp\/v2\/mp-event_category?post=28705"},{"taxonomy":"mp-event_tag","embeddable":true,"href":"https:\/\/www.radiogaga.ro\/ro\/wp-json\/wp\/v2\/mp-event_tag?post=28705"}],"curies":[{"name":"wp","href":"https:\/\/api.w.org\/{rel}","templated":true}]}}